{"id":17,"date":"2018-11-17T15:00:45","date_gmt":"2018-11-17T14:00:45","guid":{"rendered":"http:\/\/valentinaduna.com\/?page_id=17"},"modified":"2023-10-11T16:16:58","modified_gmt":"2023-10-11T14:16:58","slug":"yoga-du-son-naada-yoga","status":"publish","type":"page","link":"https:\/\/valentinaduna.com\/?page_id=17","title":{"rendered":"Yoga du Son"},"content":{"rendered":"\t\t<div data-elementor-type=\"wp-page\" data-elementor-id=\"17\" class=\"elementor elementor-17\">\n\t\t\t\t\t\t<section class=\"elementor-section elementor-top-section elementor-element elementor-element-662486a9 elementor-section-boxed elementor-section-height-default elementor-section-height-default\" data-id=\"662486a9\" data-element_type=\"section\" data-settings=\"{&quot;background_background&quot;:&quot;classic&quot;}\">\n\t\t\t\t\t\t\t<div class=\"elementor-background-overlay\"><\/div>\n\t\t\t\t\t\t\t<div class=\"elementor-container elementor-column-gap-default\">\n\t\t\t\t\t<div class=\"elementor-column elementor-col-100 elementor-top-column elementor-element elementor-element-be3c85d\" data-id=\"be3c85d\" data-element_type=\"column\">\n\t\t\t<div class=\"elementor-widget-wrap elementor-element-populated\">\n\t\t\t\t\t\t<div class=\"elementor-element elementor-element-33864fd6 elementor-widget elementor-widget-spacer\" data-id=\"33864fd6\" data-element_type=\"widget\" data-widget_type=\"spacer.default\">\n\t\t\t\t<div class=\"elementor-widget-container\">\n\t\t\t\t\t\t\t<div class=\"elementor-spacer\">\n\t\t\t<div class=\"elementor-spacer-inner\"><\/div>\n\t\t<\/div>\n\t\t\t\t\t\t<\/div>\n\t\t\t\t<\/div>\n\t\t\t\t<div class=\"elementor-element elementor-element-a19a77b elementor-widget elementor-widget-heading\" data-id=\"a19a77b\" data-element_type=\"widget\" data-widget_type=\"heading.default\">\n\t\t\t\t<div class=\"elementor-widget-container\">\n\t\t\t\t\t<h2 class=\"elementor-heading-title elementor-size-default\">Yoga du son<\/h2>\t\t\t\t<\/div>\n\t\t\t\t<\/div>\n\t\t\t\t<div class=\"elementor-element elementor-element-4dc492aa elementor-widget elementor-widget-spacer\" data-id=\"4dc492aa\" data-element_type=\"widget\" data-widget_type=\"spacer.default\">\n\t\t\t\t<div class=\"elementor-widget-container\">\n\t\t\t\t\t\t\t<div class=\"elementor-spacer\">\n\t\t\t<div class=\"elementor-spacer-inner\"><\/div>\n\t\t<\/div>\n\t\t\t\t\t\t<\/div>\n\t\t\t\t<\/div>\n\t\t\t\t\t<\/div>\n\t\t<\/div>\n\t\t\t\t\t<\/div>\n\t\t<\/section>\n\t\t\t\t<section class=\"elementor-section elementor-top-section elementor-element elementor-element-45c515c elementor-section-boxed elementor-section-height-default elementor-section-height-default\" data-id=\"45c515c\" data-element_type=\"section\">\n\t\t\t\t\t\t<div class=\"elementor-container elementor-column-gap-default\">\n\t\t\t\t\t<div class=\"elementor-column elementor-col-100 elementor-top-column elementor-element elementor-element-a4d676d\" data-id=\"a4d676d\" data-element_type=\"column\">\n\t\t\t<div class=\"elementor-widget-wrap elementor-element-populated\">\n\t\t\t\t\t\t<div class=\"elementor-element elementor-element-6e29ccc elementor-widget elementor-widget-spacer\" data-id=\"6e29ccc\" data-element_type=\"widget\" data-widget_type=\"spacer.default\">\n\t\t\t\t<div class=\"elementor-widget-container\">\n\t\t\t\t\t\t\t<div class=\"elementor-spacer\">\n\t\t\t<div class=\"elementor-spacer-inner\"><\/div>\n\t\t<\/div>\n\t\t\t\t\t\t<\/div>\n\t\t\t\t<\/div>\n\t\t\t\t\t<\/div>\n\t\t<\/div>\n\t\t\t\t\t<\/div>\n\t\t<\/section>\n\t\t\t\t<section class=\"elementor-section elementor-top-section elementor-element elementor-element-23060175 elementor-section-boxed elementor-section-height-default elementor-section-height-default\" data-id=\"23060175\" data-element_type=\"section\">\n\t\t\t\t\t\t<div class=\"elementor-container elementor-column-gap-default\">\n\t\t\t\t\t<div class=\"elementor-column elementor-col-100 elementor-top-column elementor-element elementor-element-388052e1\" data-id=\"388052e1\" data-element_type=\"column\">\n\t\t\t<div class=\"elementor-widget-wrap elementor-element-populated\">\n\t\t\t\t\t\t<div class=\"elementor-element elementor-element-49ee13ee elementor-widget elementor-widget-text-editor\" data-id=\"49ee13ee\" data-element_type=\"widget\" data-widget_type=\"text-editor.default\">\n\t\t\t\t<div class=\"elementor-widget-container\">\n\t\t\t\t\t\t\t\t\t<p>Sans dogme, ni religion, le \u00ab\u00a0Yoga du Son\u00a0\u00bb appr\u00e9hende le monde subtil, l&rsquo;esprit libre d&rsquo;intention. Il d\u00e9veloppe l&rsquo;\u00e9coute et la pr\u00e9sence comme support de perception des manifestations de la conscience et du divin. Dans cette pratique de l&rsquo;instant, la vibration et l&rsquo;\u00e9nergie de la voix mantrique conduisent \u00e0 devenir un \u00eatre conscient, disponible \u00e0 l&rsquo;\u00e9merveillement de la vie et \u00e0 la joie int\u00e9rieure\u00a0\u00bb<\/p>\n<p>Sons-sources\u00a0\u00bb, b\u00eejas, mantras de l\u2019hindouisme, du taoisme ou du bouddhisme, chants harmoniques sacr\u00e9s des moines tib\u00e9tains, sons th\u00e9rapeutiques des chamans d\u2019Asie Centrale, psalmodies soufies, litanies catholiques, pri\u00e8res du coeur orthodoxe, dhikr musulman, nembutsu japonais, chants gr\u00e9goriens, etc&#8230; Ces richesses infinies de la voix font partie du patrimoine spirituel de l&rsquo;humanit\u00e9.<\/p>\n<p>Pratiqu\u00e9s depuis la nuit des temps, pour leurs vertus ou leurs pouvoirs, ces Sons Sacr\u00e9s ont la capacit\u00e9 de conduire \u00e0 la Connaissance la plus haute.<\/p>\n<p>Qu\u00eate du sens, recherche personnelle ou tout simplement vivre pleinement sa vie, cet enseignement vous fera d\u00e9couvrir \u00e0 travers la voix les richesses fabuleuses qui sont en vous.<\/p>\n<p>Voyage subtil et puissant de yoga du son, chanter la voix du c\u0153ur, lib\u00e9rer votre joie originelle\u2026 Ananda, laisser infuser la vibration sacr\u00e9e dans le corps instrument.<\/p>\n<p>La pratique se dessine en plusieurs \u00e9tapes de l\u2019humain au divin.<\/p>\n<p>Le corps d\u00e9tendu, purifi\u00e9, \u00e9nerg\u00e9tis\u00e9, le mental uni par l\u2019esprit se concentre enfin\u2026 accorder le coeur et l\u2019esprit pour ensuite souffler, murmurer puis chanter la m\u00e9lodie de la conscience et ainsi faire danser le serpent kundalini dans son temple int\u00e9rieur jusqu\u2019\u00e0 sa lib\u00e9ration et son mariage avec le Grand Myst\u00e8re. Cette pratique a un aspect chamanique puisqu\u2019il se meut dans des espaces invisibles o\u00f9 seul l\u2019\u00e2me circule et se balance paisiblement.<\/p>\n<p>L\u2019\u00e9closion de ce somptueux voyage est la m\u00e9ditation, sa cristallisation.<\/p><figure class=\"wp-block-image size-large\">\n<\/figure>\n<p><!-- \/wp:image --><\/p>\n<p><!-- wp:paragraph --><\/p>\n<p><!-- \/wp:paragraph --><\/p>\t\t\t\t\t\t\t\t<\/div>\n\t\t\t\t<\/div>\n\t\t\t\t\t<\/div>\n\t\t<\/div>\n\t\t\t\t\t<\/div>\n\t\t<\/section>\n\t\t\t\t<section class=\"elementor-section elementor-top-section elementor-element elementor-element-de740c6 elementor-section-boxed elementor-section-height-default elementor-section-height-default\" data-id=\"de740c6\" data-element_type=\"section\">\n\t\t\t\t\t\t<div class=\"elementor-container elementor-column-gap-default\">\n\t\t\t\t\t<div class=\"elementor-column elementor-col-100 elementor-top-column elementor-element elementor-element-a8cb95c\" data-id=\"a8cb95c\" data-element_type=\"column\">\n\t\t\t<div class=\"elementor-widget-wrap elementor-element-populated\">\n\t\t\t\t\t\t<div class=\"elementor-element elementor-element-e9a703f elementor-widget elementor-widget-spacer\" data-id=\"e9a703f\" data-element_type=\"widget\" data-widget_type=\"spacer.default\">\n\t\t\t\t<div class=\"elementor-widget-container\">\n\t\t\t\t\t\t\t<div class=\"elementor-spacer\">\n\t\t\t<div class=\"elementor-spacer-inner\"><\/div>\n\t\t<\/div>\n\t\t\t\t\t\t<\/div>\n\t\t\t\t<\/div>\n\t\t\t\t\t<\/div>\n\t\t<\/div>\n\t\t\t\t\t<\/div>\n\t\t<\/section>\n\t\t\t\t<\/div>\n\t\t","protected":false},"excerpt":{"rendered":"<p>Yoga du son Sans dogme, ni religion, le \u00ab\u00a0Yoga du Son\u00a0\u00bb appr\u00e9hende le monde subtil, l&rsquo;esprit libre d&rsquo;intention. Il d\u00e9veloppe l&rsquo;\u00e9coute et la pr\u00e9sence comme support de perception des manifestations de la conscience et du divin. Dans cette pratique de l&rsquo;instant, la vibration et l&rsquo;\u00e9nergie de la voix mantrique conduisent \u00e0 devenir un \u00eatre conscient, [&hellip;]<\/p>\n","protected":false},"author":1,"featured_media":273,"parent":0,"menu_order":0,"comment_status":"closed","ping_status":"closed","template":"elementor_header_footer","meta":{"footnotes":""},"class_list":["post-17","page","type-page","status-publish","has-post-thumbnail","hentry"],"yoast_head":"<!-- This site is optimized with the Yoast SEO plugin v26.7 - https:\/\/yoast.com\/wordpress\/plugins\/seo\/ -->\n<title>Yoga du Son - Here &amp; now<\/title>\n<meta name=\"robots\" content=\"index, follow, max-snippet:-1, max-image-preview:large, max-video-preview:-1\" \/>\n<link rel=\"canonical\" href=\"https:\/\/valentinaduna.com\/?page_id=17\" \/>\n<meta property=\"og:locale\" content=\"fr_FR\" \/>\n<meta property=\"og:type\" content=\"article\" \/>\n<meta property=\"og:title\" content=\"Yoga du Son - Here &amp; now\" \/>\n<meta property=\"og:description\" content=\"Yoga du son Sans dogme, ni religion, le \u00ab\u00a0Yoga du Son\u00a0\u00bb appr\u00e9hende le monde subtil, l&rsquo;esprit libre d&rsquo;intention. Il d\u00e9veloppe l&rsquo;\u00e9coute et la pr\u00e9sence comme support de perception des manifestations de la conscience et du divin. Dans cette pratique de l&rsquo;instant, la vibration et l&rsquo;\u00e9nergie de la voix mantrique conduisent \u00e0 devenir un \u00eatre conscient, [&hellip;]\" \/>\n<meta property=\"og:url\" content=\"https:\/\/valentinaduna.com\/?page_id=17\" \/>\n<meta property=\"og:site_name\" content=\"Here &amp; now\" \/>\n<meta property=\"article:modified_time\" content=\"2023-10-11T14:16:58+00:00\" \/>\n<meta property=\"og:image\" content=\"https:\/\/valentinaduna.com\/wp-content\/uploads\/2019\/01\/yoga-du-son.png\" \/>\n\t<meta property=\"og:image:width\" content=\"800\" \/>\n\t<meta property=\"og:image:height\" content=\"533\" \/>\n\t<meta property=\"og:image:type\" content=\"image\/png\" \/>\n<meta name=\"twitter:card\" content=\"summary_large_image\" \/>\n<meta name=\"twitter:label1\" content=\"Dur\u00e9e de lecture estim\u00e9e\" \/>\n\t<meta name=\"twitter:data1\" content=\"2 minutes\" \/>\n<script type=\"application\/ld+json\" class=\"yoast-schema-graph\">{\"@context\":\"https:\/\/schema.org\",\"@graph\":[{\"@type\":\"WebPage\",\"@id\":\"https:\/\/valentinaduna.com\/?page_id=17\",\"url\":\"https:\/\/valentinaduna.com\/?page_id=17\",\"name\":\"Yoga du Son - Here &amp; now\",\"isPartOf\":{\"@id\":\"https:\/\/valentinaduna.com\/#website\"},\"primaryImageOfPage\":{\"@id\":\"https:\/\/valentinaduna.com\/?page_id=17#primaryimage\"},\"image\":{\"@id\":\"https:\/\/valentinaduna.com\/?page_id=17#primaryimage\"},\"thumbnailUrl\":\"https:\/\/valentinaduna.com\/wp-content\/uploads\/2019\/01\/yoga-du-son.png\",\"datePublished\":\"2018-11-17T14:00:45+00:00\",\"dateModified\":\"2023-10-11T14:16:58+00:00\",\"breadcrumb\":{\"@id\":\"https:\/\/valentinaduna.com\/?page_id=17#breadcrumb\"},\"inLanguage\":\"fr-FR\",\"potentialAction\":[{\"@type\":\"ReadAction\",\"target\":[\"https:\/\/valentinaduna.com\/?page_id=17\"]}]},{\"@type\":\"ImageObject\",\"inLanguage\":\"fr-FR\",\"@id\":\"https:\/\/valentinaduna.com\/?page_id=17#primaryimage\",\"url\":\"https:\/\/valentinaduna.com\/wp-content\/uploads\/2019\/01\/yoga-du-son.png\",\"contentUrl\":\"https:\/\/valentinaduna.com\/wp-content\/uploads\/2019\/01\/yoga-du-son.png\",\"width\":800,\"height\":533,\"caption\":\"valentina duna yoga avignon\"},{\"@type\":\"BreadcrumbList\",\"@id\":\"https:\/\/valentinaduna.com\/?page_id=17#breadcrumb\",\"itemListElement\":[{\"@type\":\"ListItem\",\"position\":1,\"name\":\"Accueil\",\"item\":\"https:\/\/valentinaduna.com\/\"},{\"@type\":\"ListItem\",\"position\":2,\"name\":\"Yoga du Son\"}]},{\"@type\":\"WebSite\",\"@id\":\"https:\/\/valentinaduna.com\/#website\",\"url\":\"https:\/\/valentinaduna.com\/\",\"name\":\"Here &amp; now\",\"description\":\"Valentina Duna \u2022 World Wild Yogini \u00e0 plumes\",\"potentialAction\":[{\"@type\":\"SearchAction\",\"target\":{\"@type\":\"EntryPoint\",\"urlTemplate\":\"https:\/\/valentinaduna.com\/?s={search_term_string}\"},\"query-input\":{\"@type\":\"PropertyValueSpecification\",\"valueRequired\":true,\"valueName\":\"search_term_string\"}}],\"inLanguage\":\"fr-FR\"}]}<\/script>\n<!-- \/ Yoast SEO plugin. -->","yoast_head_json":{"title":"Yoga du Son - Here &amp; now","robots":{"index":"index","follow":"follow","max-snippet":"max-snippet:-1","max-image-preview":"max-image-preview:large","max-video-preview":"max-video-preview:-1"},"canonical":"https:\/\/valentinaduna.com\/?page_id=17","og_locale":"fr_FR","og_type":"article","og_title":"Yoga du Son - Here &amp; now","og_description":"Yoga du son Sans dogme, ni religion, le \u00ab\u00a0Yoga du Son\u00a0\u00bb appr\u00e9hende le monde subtil, l&rsquo;esprit libre d&rsquo;intention. Il d\u00e9veloppe l&rsquo;\u00e9coute et la pr\u00e9sence comme support de perception des manifestations de la conscience et du divin. Dans cette pratique de l&rsquo;instant, la vibration et l&rsquo;\u00e9nergie de la voix mantrique conduisent \u00e0 devenir un \u00eatre conscient, [&hellip;]","og_url":"https:\/\/valentinaduna.com\/?page_id=17","og_site_name":"Here &amp; now","article_modified_time":"2023-10-11T14:16:58+00:00","og_image":[{"width":800,"height":533,"url":"https:\/\/valentinaduna.com\/wp-content\/uploads\/2019\/01\/yoga-du-son.png","type":"image\/png"}],"twitter_card":"summary_large_image","twitter_misc":{"Dur\u00e9e de lecture estim\u00e9e":"2 minutes"},"schema":{"@context":"https:\/\/schema.org","@graph":[{"@type":"WebPage","@id":"https:\/\/valentinaduna.com\/?page_id=17","url":"https:\/\/valentinaduna.com\/?page_id=17","name":"Yoga du Son - Here &amp; now","isPartOf":{"@id":"https:\/\/valentinaduna.com\/#website"},"primaryImageOfPage":{"@id":"https:\/\/valentinaduna.com\/?page_id=17#primaryimage"},"image":{"@id":"https:\/\/valentinaduna.com\/?page_id=17#primaryimage"},"thumbnailUrl":"https:\/\/valentinaduna.com\/wp-content\/uploads\/2019\/01\/yoga-du-son.png","datePublished":"2018-11-17T14:00:45+00:00","dateModified":"2023-10-11T14:16:58+00:00","breadcrumb":{"@id":"https:\/\/valentinaduna.com\/?page_id=17#breadcrumb"},"inLanguage":"fr-FR","potentialAction":[{"@type":"ReadAction","target":["https:\/\/valentinaduna.com\/?page_id=17"]}]},{"@type":"ImageObject","inLanguage":"fr-FR","@id":"https:\/\/valentinaduna.com\/?page_id=17#primaryimage","url":"https:\/\/valentinaduna.com\/wp-content\/uploads\/2019\/01\/yoga-du-son.png","contentUrl":"https:\/\/valentinaduna.com\/wp-content\/uploads\/2019\/01\/yoga-du-son.png","width":800,"height":533,"caption":"valentina duna yoga avignon"},{"@type":"BreadcrumbList","@id":"https:\/\/valentinaduna.com\/?page_id=17#breadcrumb","itemListElement":[{"@type":"ListItem","position":1,"name":"Accueil","item":"https:\/\/valentinaduna.com\/"},{"@type":"ListItem","position":2,"name":"Yoga du Son"}]},{"@type":"WebSite","@id":"https:\/\/valentinaduna.com\/#website","url":"https:\/\/valentinaduna.com\/","name":"Here &amp; now","description":"Valentina Duna \u2022 World Wild Yogini \u00e0 plumes","potentialAction":[{"@type":"SearchAction","target":{"@type":"EntryPoint","urlTemplate":"https:\/\/valentinaduna.com\/?s={search_term_string}"},"query-input":{"@type":"PropertyValueSpecification","valueRequired":true,"valueName":"search_term_string"}}],"inLanguage":"fr-FR"}]}},"_links":{"self":[{"href":"https:\/\/valentinaduna.com\/index.php?rest_route=\/wp\/v2\/pages\/17","targetHints":{"allow":["GET"]}}],"collection":[{"href":"https:\/\/valentinaduna.com\/index.php?rest_route=\/wp\/v2\/pages"}],"about":[{"href":"https:\/\/valentinaduna.com\/index.php?rest_route=\/wp\/v2\/types\/page"}],"author":[{"embeddable":true,"href":"https:\/\/valentinaduna.com\/index.php?rest_route=\/wp\/v2\/users\/1"}],"replies":[{"embeddable":true,"href":"https:\/\/valentinaduna.com\/index.php?rest_route=%2Fwp%2Fv2%2Fcomments&post=17"}],"version-history":[{"count":64,"href":"https:\/\/valentinaduna.com\/index.php?rest_route=\/wp\/v2\/pages\/17\/revisions"}],"predecessor-version":[{"id":6026,"href":"https:\/\/valentinaduna.com\/index.php?rest_route=\/wp\/v2\/pages\/17\/revisions\/6026"}],"wp:featuredmedia":[{"embeddable":true,"href":"https:\/\/valentinaduna.com\/index.php?rest_route=\/wp\/v2\/media\/273"}],"wp:attachment":[{"href":"https:\/\/valentinaduna.com\/index.php?rest_route=%2Fwp%2Fv2%2Fmedia&parent=17"}],"curies":[{"name":"wp","href":"https:\/\/api.w.org\/{rel}","templated":true}]}}